{"id":2734,"date":"2020-06-19T14:14:28","date_gmt":"2020-06-19T12:14:28","guid":{"rendered":"https:\/\/chronoinstitut.org\/?page_id=2734"},"modified":"2025-07-30T18:38:18","modified_gmt":"2025-07-30T16:38:18","slug":"umwelt","status":"publish","type":"page","link":"http:\/\/salutologie.org\/en\/bereiche\/umwelt\/","title":{"rendered":"Umwelt"},"content":{"rendered":"<section class=\"wpb-content-wrapper\"><div class=\"block-area stripe wpb_row default with-border vc_row-fluid\"><div class=\"container clearfix\">\n\t<div class=\"vc_col-sm-6 wpb_column column_container\" style=\"\">\n\t\t<div class=\"wpb_wrapper\">\n\t\t\t\n\t<div class=\"wpb_text_column wpb_content_element\">\n\t\t<div class=\"wpb_wrapper\">\n\t\t\t<h1>Umwelt und Gesundheit<\/h1>\n<p>&nbsp;<\/p>\n<p>Eine intakte Umwelt hat einen entscheidenden Einfluss auf die Gesundheit und das Wohlbefinden des Menschen. Alle externen Einfl\u00fcsse die auf den Menschen einwirken \u00a0\u2013 in der Wohnung, auf dem Weg zum Einkaufen, bei der Arbeit oder in der Freizeit \u2013 \u00a0sind Gegenstand des Bereiches Umwelt und Gesundheit.<\/p>\n<p>&nbsp;<\/p>\n<p><a href=\"https:\/\/chronoinstitut.org\/wp-content\/uploads\/2020\/05\/Bereich-Umwelt-Die-Ungesunde-Klimakrise-.pdf\" target=\"_blank\" rel=\"noopener noreferrer\">\u00dcber die ungesunde Klimakrise weiterlesen<\/a><\/p>\n\n\t\t<\/div> \n\t<\/div> \n\t\t<\/div> \n\t<\/div> \n\n\t<div class=\"vc_col-sm-6 wpb_column column_container\" style=\"\">\n\t\t<div class=\"wpb_wrapper\">\n\t\t\t\n\t\t<\/div> \n\t<\/div> \n<\/div><\/div><div class=\"block-area stripe wpb_row default with-border vc_row-fluid\"><div class=\"container clearfix\">\n\t<div class=\"vc_col-sm-6 wpb_column column_container\" style=\"\">\n\t\t<div class=\"wpb_wrapper\">\n\t\t\t\n\t\t<\/div> \n\t<\/div> \n\n\t<div class=\"vc_col-sm-6 wpb_column column_container\" style=\"\">\n\t\t<div class=\"wpb_wrapper\">\n\t\t\t\n\t<div class=\"wpb_text_column wpb_content_element\">\n\t\t<div class=\"wpb_wrapper\">\n\t\t\t<h1>Belastungen durch Umwelt-Stressoren<\/h1>\n<p>&nbsp;<\/p>\n<p>Gesundheit und Wohlbefinden des Menschen h\u00e4ngen in erheblichem Umfang von der Qualit\u00e4t dieser Umwelt ab. Dabei stehen nat\u00fcrliche wie auch vom Menschen erzeugte Umweltbelastungen als sogenannte \u201eStressoren\u2018\u201c in unserem Fokus. Das sind\u00a0 z.B. der Klimawandel und die steigende Anzahl von Hitzetagen, zunehmende Luftverschmutzung in St\u00e4dten, zu viel L\u00e4rm und zu viel Licht vor allem in der Nacht, sowie die permanente Exposition durch Elektromagnetische Felder. Umweltschutz ist immer auch nachhaltige Gesundheitsvorsorge!<\/p>\n\n\t\t<\/div> \n\t<\/div> \n\t\t<\/div> \n\t<\/div> \n<\/div><\/div><div class=\"block-area stripe wpb_row default with-border vc_row-fluid\"><div class=\"container clearfix\">\n\t<div class=\"vc_col-sm-6 wpb_column column_container\" style=\"\">\n\t\t<div class=\"wpb_wrapper\">\n\t\t\t\n\t<div class=\"wpb_text_column wpb_content_element\">\n\t\t<div class=\"wpb_wrapper\">\n\t\t\t<h1>Die Zukunft von 5G, WLAN und IoT<\/h1>\n<p>&nbsp;<\/p>\n<p>Einer unserer Schwerpunkt ist die Untersuchung von m\u00f6glichen Effekten durch neuartige Belastungen mit drahtlosen Funknetzen wie z.B. durch die 5G-Technologie, WLAN und IoT. Dabei kommen erstmals objektive mobile Messverfahren zum Einsatz die gleichzeitig sowohl Hochfrequenz-Immissionen (HFI) als auch Gesundheitsparameter erfassen und dabei Wechselwirkungen aufzeichnen k\u00f6nnen. <a href=\"https:\/\/chronoinstitut.org\/wp-content\/uploads\/2020\/05\/Palament_2020_Gesundheitsrisiken-von-5G-1.pdf\" target=\"_blank\" rel=\"noopener noreferrer\">\u00dcber den fehlenden Konsens in der Risikobewertung weiterlesen!<\/a><\/p>\n\n\t\t<\/div> \n\t<\/div> \n\t\t<\/div> \n\t<\/div> \n\n\t<div class=\"vc_col-sm-6 wpb_column column_container\" style=\"\">\n\t\t<div class=\"wpb_wrapper\">\n\t\t\t\n\t\t<\/div> \n\t<\/div> \n<\/div><\/div><div class=\"block-area stripe wpb_row default with-border vc_row-fluid\"><div class=\"container clearfix\">\n\t<div class=\"vc_col-sm-12 wpb_column column_container\" style=\"\">\n\t\t<div class=\"wpb_wrapper\">\n\t\t\t\n\t<div class=\"wpb_text_column wpb_content_element\">\n\t\t<div class=\"wpb_wrapper\">\n\t\t\t<h1 style=\"text-align: center;\">Themen<\/h1>\n<ul style=\"text-align: center;\">\n<li>\u00a0 Sensorentwicklung und mobiles Gesundheitsmonitoring<br \/>\nVerbesserung der Diagnostik bei umwelt-assoziierten Fehlbelastungen die zu Anpassungsst\u00f6rungen, Ersch\u00f6pfung und Burnout f\u00fchren<\/li>\n<\/ul>\n<p>&nbsp;<\/p>\n<ul style=\"text-align: center;\">\n<li>\u00a0 Umwelt-Schlaflabor<br \/>\nAnalyse und Beurteilung von Umweltfaktoren auf den Schlafprozess des Menschen zur Verbesserung der Schlaferholungsf\u00e4higkeit<\/li>\n<\/ul>\n<p>&nbsp;<\/p>\n<ul style=\"text-align: center;\">\n<li>\u00a0 Einf\u00fchrung 5G-Technologie<br \/>\nProspektive Untersuchungen f\u00fcr klinische Studien zu HF-NIS (Hochfrequenz-Nicht Ionisierende Strahlung) und\u00a0 Langzeit Biomonitoring mit gleichzeitiger Hochfrequenz Expositionserfassung und Gesundheitsmonitoring<\/li>\n<\/ul>\n<p>&nbsp;<\/p>\n<ul style=\"text-align: center;\">\n<li>\u00a0 EU-Smart Readiness Indicator\u00a0 (SRI)<br \/>\nErweitertes psychophysiologisches Bewertungsschema und standardisiertes Testverfahren als \u201eLivingLab\u201c (Raummodul)\u00a0 f\u00fcr eine wissenschaftliche und transparente Beurteilung des Faktors\u00a0 \u2013 Gesundheit, Wohlbefinden und Komfort \u2013\u00a0 in intelligenten Geb\u00e4uden der Zukunft<\/li>\n<\/ul>\n\n\t\t<\/div> \n\t<\/div> \n\t\t<\/div> \n\t<\/div> \n<\/div><\/div><div class=\"block-area stripe wpb_row default with-border vc_row-fluid\"><div class=\"container clearfix\">\n\t<div class=\"vc_col-sm-12 wpb_column column_container\" style=\"\">\n\t\t<div class=\"wpb_wrapper\">\n\t\t\t\n\t<div class=\"wpb_text_column wpb_content_element\">\n\t\t<div class=\"wpb_wrapper\">\n\t\t\t<h1 style=\"text-align: center;\">Experten<\/h1>\n<p style=\"text-align: center;\"><a href=\"\/en\/team-member\/armin-rebernik\/\" target=\"_blank\" rel=\"noopener noreferrer\">Armin Rebernig<\/a><\/p>\n<p style=\"text-align: center;\"><a href=\"\/en\/team-member\/thomas-klaudusz\/\" target=\"_blank\" rel=\"noopener noreferrer\">Thomas Klaudusz<\/a><\/p>\n\n\t\t<\/div> \n\t<\/div> \n\t\t<\/div> \n\t<\/div> \n<\/div><\/div><div class=\"block-area stripe wpb_row default with-border vc_row-fluid\"><div class=\"container clearfix\">\n\t<div class=\"vc_col-sm-6 wpb_column column_container\" style=\"\">\n\t\t<div class=\"wpb_wrapper\">\n\t\t\t\n\t\t<\/div> \n\t<\/div> \n\n\t<div class=\"vc_col-sm-6 wpb_column column_container\" style=\"\">\n\t\t<div class=\"wpb_wrapper\">\n\t\t\t\n\t<div class=\"wpb_text_column wpb_content_element\">\n\t\t<div class=\"wpb_wrapper\">\n\t\t\t<h1>Forschung<\/h1>\n<p>&nbsp;<\/p>\n<ul>\n<li>Forschung-\/Projekt in Vorbereitung: ZAMG\/BMR<br \/>\nBiometeorologie \/ Klimawandel in \u00d6sterreich<\/li>\n<li>Forschung-\/Projekt in Vorbereitung: WBF\/BMLRT<br \/>\nHF-Biomonitoring \/ Einf\u00fchrung 5G-Technologie in \u00d6sterreich<\/li>\n<li>Forschung-\/Projekt in Vorbereitung: SRI-Plattform \u00d6sterreich<br \/>\nWissenschaftliche und transparente Beurteilung des Faktors Gesundheit \/ Einf\u00fchrung SRI in \u00d6sterreich<\/li>\n<\/ul>\n\n\t\t<\/div> \n\t<\/div> \n\t\t<\/div> \n\t<\/div> \n<\/div><\/div><div class=\"block-area stripe wpb_row default with-border vc_row-fluid\"><div class=\"container clearfix\">\n\t<div class=\"vc_col-sm-6 wpb_column column_container\" style=\"\">\n\t\t<div class=\"wpb_wrapper\">\n\t\t\t\n\t<div class=\"wpb_text_column wpb_content_element\">\n\t\t<div class=\"wpb_wrapper\">\n\t\t\t<h1>Deep Dive<\/h1>\n<p>&nbsp;<\/p>\n<ul>\n<li><a href=\"https:\/\/www.youtube.com\/watch?time_continue=53&amp;v=lyMqRhWP5-k&amp;feature=emb_logo\">Video: CCCA-Climate Change Center Austria<\/a><\/li>\n<li><a href=\"https:\/\/www.youtube.com\/watch?v=pRhSJQkR1yg\">Video: SAMINA &#8211; Ein Leben f\u00fcr den Schlaf<\/a><\/li>\n<li><a href=\"https:\/\/www.youtube.com\/watch?v=Sxi4IrjzbcU\">Video: Baubiologe und Messtechniker IBN\/SBM &#8211; Armin Rebernig<\/a><\/li>\n<li><a href=\"https:\/\/www.sat1regional.de\/zero-waste-space-kieler-studierende-bauen-haus-aus-wiederverwertbaren-materialien\/\">Video: LOPAS &#8211; Zero-Waste-Space (Raummodul)<\/a><\/li>\n<li><a href=\"https:\/\/vimeo.com\/269917681\">Video: COMBI-Project<\/a><\/li>\n<\/ul>\n\n\t\t<\/div> \n\t<\/div> \n\t\t<\/div> \n\t<\/div> \n\n\t<div class=\"vc_col-sm-6 wpb_column column_container\" style=\"\">\n\t\t<div class=\"wpb_wrapper\">\n\t\t\t\n\t\t<\/div> \n\t<\/div> \n<\/div><\/div><div class=\"block-area stripe wpb_row default with-border vc_row-fluid\"><div class=\"container clearfix\">\n\t<div class=\"vc_col-sm-6 wpb_column column_container\" style=\"\">\n\t\t<div class=\"wpb_wrapper\">\n\t\t\t\n\t\t<\/div> \n\t<\/div> \n\n\t<div class=\"vc_col-sm-6 wpb_column column_container\" style=\"\">\n\t\t<div class=\"wpb_wrapper\">\n\t\t\t\n\t<div class=\"wpb_text_column wpb_content_element\">\n\t\t<div class=\"wpb_wrapper\">\n\t\t\t<h1>Patente<\/h1>\n<p>&nbsp;<\/p>\n<p><strong>HFI -1<\/strong><\/p>\n<p>Verfahren zur Analyse der Interaktion von elektromagnetischen Hochfrequenz- Immissionen mit vegetativen Regulationsmechanismen eines Testsubjekts<\/p>\n<p>AT 51 62 04 B1 2016-07-15 |\u00a0<a href=\"https:\/\/worldwide.espacenet.com\/publicationDetails\/originalDocument?FT=D&amp;date=20160715&amp;DB=&amp;locale=en_EP&amp;CC=AT&amp;NR=516204B1&amp;KC=B1&amp;ND=4\" target=\"_blank\" rel=\"noopener noreferrer\">Weiterlesen<\/a><\/p>\n<p>&nbsp;<\/p>\n<p><strong>HFI- 2<\/strong><\/p>\n<p>Umwelt-\/Gesundheitsmonitoringsystem zur Erfassung von elektromagnetischen Feldern und der Beeinflussung vegetativer Regulationsmechanismen des menschlichen Organismus<\/p>\n<p>Am \u00d6sterreichischen Patentamt angemeldet 12-06-2020 | <a href=\"https:\/\/chronoinstitut.org\/wp-content\/uploads\/2020\/05\/Neues-Messverfahren-zur-Evaluierung-des-Einflusses-elektromagnetischer-Felder-.pdf\" target=\"_blank\" rel=\"noopener noreferrer\">Weiterlesen<\/a><\/p>\n\n\t\t<\/div> \n\t<\/div> \n\t\t<\/div> \n\t<\/div> \n<\/div><\/div>\n<\/section>","protected":false},"excerpt":{"rendered":"Umwelt und Gesundheit &nbsp; Eine intakte Umwelt hat einen entscheidenden Einfluss auf die Gesundheit und das Wohlbefinden des Menschen. Alle...","protected":false},"author":1,"featured_media":0,"parent":159,"menu_order":0,"comment_status":"closed","ping_status":"closed","template":"","meta":{"footnotes":""},"yoast_head":"<!-- This site is optimized with the Yoast SEO plugin v22.6 - https:\/\/yoast.com\/wordpress\/plugins\/seo\/ -->\n<title>Umwelt - Universit\u00e4t f\u00fcr Salutologie\u00ae<\/title>\n<meta name=\"robots\" content=\"index, follow, max-snippet:-1, max-image-preview:large, max-video-preview:-1\" \/>\n<link rel=\"canonical\" href=\"https:\/\/salutologie.org\/en\/bereiche\/umwelt\/\" \/>\n<meta property=\"og:locale\" content=\"en_GB\" \/>\n<meta property=\"og:type\" content=\"article\" \/>\n<meta property=\"og:title\" content=\"Umwelt - Universit\u00e4t f\u00fcr Salutologie\u00ae\" \/>\n<meta property=\"og:url\" content=\"https:\/\/salutologie.org\/en\/bereiche\/umwelt\/\" \/>\n<meta property=\"og:site_name\" content=\"Universit\u00e4t f\u00fcr Salutologie\u00ae\" \/>\n<meta property=\"article:modified_time\" content=\"2025-07-30T16:38:18+00:00\" \/>\n<meta name=\"twitter:card\" content=\"summary_large_image\" \/>\n<meta name=\"twitter:label1\" content=\"Estimated reading time\" \/>\n\t<meta name=\"twitter:data1\" content=\"4 minutes\" \/>\n<script type=\"application\/ld+json\" class=\"yoast-schema-graph\">{\"@context\":\"https:\/\/schema.org\",\"@graph\":[{\"@type\":\"WebPage\",\"@id\":\"https:\/\/salutologie.org\/bereiche\/umwelt\/\",\"url\":\"https:\/\/salutologie.org\/bereiche\/umwelt\/\",\"name\":\"Umwelt - Universit\u00e4t f\u00fcr Salutologie\u00ae\",\"isPartOf\":{\"@id\":\"https:\/\/salutologie.org\/#website\"},\"datePublished\":\"2020-06-19T12:14:28+00:00\",\"dateModified\":\"2025-07-30T16:38:18+00:00\",\"breadcrumb\":{\"@id\":\"https:\/\/salutologie.org\/bereiche\/umwelt\/#breadcrumb\"},\"inLanguage\":\"en-GB\",\"potentialAction\":[{\"@type\":\"ReadAction\",\"target\":[\"https:\/\/salutologie.org\/bereiche\/umwelt\/\"]}]},{\"@type\":\"BreadcrumbList\",\"@id\":\"https:\/\/salutologie.org\/bereiche\/umwelt\/#breadcrumb\",\"itemListElement\":[{\"@type\":\"ListItem\",\"position\":1,\"name\":\"Startseite\",\"item\":\"https:\/\/salutologie.org\/\"},{\"@type\":\"ListItem\",\"position\":2,\"name\":\"Bereiche\",\"item\":\"https:\/\/salutologie.org\/bereiche\/\"},{\"@type\":\"ListItem\",\"position\":3,\"name\":\"Umwelt\"}]},{\"@type\":\"WebSite\",\"@id\":\"https:\/\/salutologie.org\/#website\",\"url\":\"https:\/\/salutologie.org\/\",\"name\":\"Universit\u00e4t f\u00fcr Salutologie\u00ae\",\"description\":\"Universit\u00e4t f\u00fcr Salutologie\u00ae\",\"potentialAction\":[{\"@type\":\"SearchAction\",\"target\":{\"@type\":\"EntryPoint\",\"urlTemplate\":\"https:\/\/salutologie.org\/?s={search_term_string}\"},\"query-input\":\"required name=search_term_string\"}],\"inLanguage\":\"en-GB\"}]}<\/script>\n<!-- \/ Yoast SEO plugin. -->","yoast_head_json":{"title":"Umwelt - Universit\u00e4t f\u00fcr Salutologie\u00ae","robots":{"index":"index","follow":"follow","max-snippet":"max-snippet:-1","max-image-preview":"max-image-preview:large","max-video-preview":"max-video-preview:-1"},"canonical":"https:\/\/salutologie.org\/en\/bereiche\/umwelt\/","og_locale":"en_GB","og_type":"article","og_title":"Umwelt - Universit\u00e4t f\u00fcr Salutologie\u00ae","og_url":"https:\/\/salutologie.org\/en\/bereiche\/umwelt\/","og_site_name":"Universit\u00e4t f\u00fcr Salutologie\u00ae","article_modified_time":"2025-07-30T16:38:18+00:00","twitter_card":"summary_large_image","twitter_misc":{"Estimated reading time":"4 minutes"},"schema":{"@context":"https:\/\/schema.org","@graph":[{"@type":"WebPage","@id":"https:\/\/salutologie.org\/bereiche\/umwelt\/","url":"https:\/\/salutologie.org\/bereiche\/umwelt\/","name":"Umwelt - Universit\u00e4t f\u00fcr Salutologie\u00ae","isPartOf":{"@id":"https:\/\/salutologie.org\/#website"},"datePublished":"2020-06-19T12:14:28+00:00","dateModified":"2025-07-30T16:38:18+00:00","breadcrumb":{"@id":"https:\/\/salutologie.org\/bereiche\/umwelt\/#breadcrumb"},"inLanguage":"en-GB","potentialAction":[{"@type":"ReadAction","target":["https:\/\/salutologie.org\/bereiche\/umwelt\/"]}]},{"@type":"BreadcrumbList","@id":"https:\/\/salutologie.org\/bereiche\/umwelt\/#breadcrumb","itemListElement":[{"@type":"ListItem","position":1,"name":"Startseite","item":"https:\/\/salutologie.org\/"},{"@type":"ListItem","position":2,"name":"Bereiche","item":"https:\/\/salutologie.org\/bereiche\/"},{"@type":"ListItem","position":3,"name":"Umwelt"}]},{"@type":"WebSite","@id":"https:\/\/salutologie.org\/#website","url":"https:\/\/salutologie.org\/","name":"Universit\u00e4t f\u00fcr Salutologie\u00ae","description":"Universit\u00e4t f\u00fcr Salutologie\u00ae","potentialAction":[{"@type":"SearchAction","target":{"@type":"EntryPoint","urlTemplate":"https:\/\/salutologie.org\/?s={search_term_string}"},"query-input":"required name=search_term_string"}],"inLanguage":"en-GB"}]}},"_links":{"self":[{"href":"http:\/\/salutologie.org\/en\/wp-json\/wp\/v2\/pages\/2734"}],"collection":[{"href":"http:\/\/salutologie.org\/en\/wp-json\/wp\/v2\/pages"}],"about":[{"href":"http:\/\/salutologie.org\/en\/wp-json\/wp\/v2\/types\/page"}],"author":[{"embeddable":true,"href":"http:\/\/salutologie.org\/en\/wp-json\/wp\/v2\/users\/1"}],"replies":[{"embeddable":true,"href":"http:\/\/salutologie.org\/en\/wp-json\/wp\/v2\/comments?post=2734"}],"version-history":[{"count":37,"href":"http:\/\/salutologie.org\/en\/wp-json\/wp\/v2\/pages\/2734\/revisions"}],"predecessor-version":[{"id":4796,"href":"http:\/\/salutologie.org\/en\/wp-json\/wp\/v2\/pages\/2734\/revisions\/4796"}],"up":[{"embeddable":true,"href":"http:\/\/salutologie.org\/en\/wp-json\/wp\/v2\/pages\/159"}],"wp:attachment":[{"href":"http:\/\/salutologie.org\/en\/wp-json\/wp\/v2\/media?parent=2734"}],"curies":[{"name":"wp","href":"https:\/\/api.w.org\/{rel}","templated":true}]}}